{"id":65,"date":"2017-11-10T14:08:51","date_gmt":"2017-11-10T14:08:51","guid":{"rendered":"http:\/\/tag_link_site_url\/mesmerize\/"},"modified":"2023-06-05T14:40:07","modified_gmt":"2023-06-05T12:40:07","slug":"mesmerize","status":"publish","type":"page","link":"https:\/\/mbagnickdiop.com\/","title":{"rendered":"Front Page"},"content":{"rendered":"<div  data-label=\"About\" data-id=\"about--2\" data-export-id=\"about-10\" data-category=\"about\" class=\"about-10 content-section content-section-spacing\" id=\"about-3\" style=\"background-color: rgb(245, 250, 253); background-image: none;\"><div  class=\"gridContainer\"> <div  class=\"row middle-sm text-center\"><div  class=\"col-sm-5 space-bottom-xs content-column content-center-sm\" data-type=\"column\"> <h3  class=\"\">Homme de consensus, r\u00e9solument tourn\u00e9 vers l\u2019avenir,&nbsp;<p  class=\"MsoNormal\" style=\"margin-top: 7.5pt; text-align: justify; text-justify: inter-ideograph; line-height: 23.75pt; mso-line-height-rule: exactly; vertical-align: baseline;\"><span  style=\"font-size: 14.0pt; mso-bidi-font-size: 11.0pt; font-family: &quot;Andalus&quot;,&quot;serif&quot;; mso-fareast-font-family: Garamond; mso-hansi-font-family: Andalus; color: black; mso-ansi-language: FR;\">il incarne cette nouvelle g\u00e9n\u00e9ration d\u2019entrepreneurs africains qui\nentendent faire du d\u00e9veloppement du continent et de ses territoires, un\nengagement de chaque instant au profit du plus grand nombre.<o  :p=\"\"><\/o><\/span><\/p><\/h3><p  class=\"lead\"><span  style=\"font-size: 14.0pt; mso-bidi-font-size: 11.0pt; font-family: &quot;Andalus&quot;,&quot;serif&quot;; mso-fareast-font-family: Garamond; mso-hansi-font-family: Andalus; color: black; mso-ansi-language: FR; mso-fareast-language: EN-US; mso-bidi-language: AR-SA;\">Son Cr\u00e9do: \u00ab <i >Seul le travail paie et il faut\nsavoir donner du temps au temps <\/i>\u00bb<\/span><\/p><\/div> <div  class=\"col-sm-7 flexbox middle-xs center-xs space-bottom-xs\"><div  class=\"overlay-box middle-xs center-xs flexbox\"> <div  class=\"overlay-box-offset offset-border shadow-medium border-color1 hide-xs\"><\/div> <img decoding=\"async\"  class=\"shadow-large\" data-size=\"485x705\" src=\"https:\/\/mbagnickdiop.com\/wp-content\/uploads\/2021\/02\/xxcropped-presi-1-1.jpg,Mic.NXMYjpveNn.webp.pagespeed.ic.12UoelQO89.webp\" title=\"cropped-presi-1-1.jpg\" alt=\"\" data-pagespeed-url-hash=\"2135356493\" onload=\"pagespeed.CriticalImages.checkImageForCriticality(this);\"><\/div> <\/div><\/div> <\/div><\/div><div  id=\"about-1\" style=\"background-color: rgb(255, 255, 255); background-image: none;\" data-label=\"About\" data-id=\"about-1\" data-export-id=\"about-1\" data-category=\"about\" class=\"about-1 content-section content-section-spacing\">\n<div  class=\"gridContainer\">\n<div  class=\"row text-center\">\n<div  class=\"section-title-col\" data-type=\"column\">\n<h2  class=\"\">Le&nbsp;F\u00e9ru de Communication<\/h2>\n<p  class=\"lead\">Il a construit le GROUPE PROMO CONSULTING acteur incontournable des m\u00e9dias qui lui vaut le respect de ses pairs entrepreneurs qui l\u2019on choisi pour promouvoir l\u2019entrepreneuriat S\u00e9n\u00e9galais, en lui confiant la pr\u00e9sidence du Mouvement des Entreprises du S\u00e9n\u00e9gal \u2013 MEDS.<\/p>\n<\/div>\n<\/div>\n<div  class=\"row\">\n<div  class=\"bottom-xs center-xs col-xs flexbox image-group-bottom-3-img\"><img decoding=\"async\"  class=\"left-img shadow-large-black\" data-size=\"500x300\" src=\"https:\/\/mbagnickdiop.com\/wp-content\/uploads\/2021\/02\/xxxxxcropped-logo-promo-consulting-1.jpg,,,,,,,,Mic.PeiypHwCjR.webp,,,,Mic.RYGcrYKErL.webp,,Mic.UTyHmM9ppk.webp,Mic.8eRbKdeKBX.webp.pagespeed.ic.8fR0IouI3u.webp\" data-pagespeed-url-hash=\"3196913295\" onload=\"pagespeed.CriticalImages.checkImageForCriticality(this);\" title=\"cropped-logo-promo-consulting-1.jpg\" alt=\"\"> <img decoding=\"async\"  class=\"center-img shadow-large-black\" data-size=\"500x300\" src=\"https:\/\/mbagnickdiop.com\/wp-content\/uploads\/2023\/01\/cropped-315311903_674119014277971_5731914869742603141_n.jpg\" data-pagespeed-url-hash=\"2777449075\" onload=\"pagespeed.CriticalImages.checkImageForCriticality(this);\" title=\"cropped-315311903_674119014277971_5731914869742603141_n.jpg\" alt=\"\"> <img decoding=\"async\"  class=\"right-img shadow-large-black\" data-size=\"500x300\" src=\"https:\/\/mbagnickdiop.com\/wp-content\/uploads\/2021\/02\/xxxxxcropped-logo-meds-long.png,,,,,,,,Mic.IiDqMBM6Fq.webp,,,,Mic.rVDlgQ5OiM.webp,,Mic.GuidQsRobf.webp,Mic.MxBiNQSIRL.webp.pagespeed.ic.cZmjhRKFLJ.webp\" data-pagespeed-url-hash=\"1986498812\" onload=\"pagespeed.CriticalImages.checkImageForCriticality(this);\" title=\"cropped-logo-meds-long.png\" alt=\"\"><\/div>\n<\/div>\n<\/div>\n<\/div><div  data-label=\"About\" data-id=\"about--1\" data-export-id=\"about-4\" data-category=\"about\" class=\"about-4 content-section content-section-spacing\" id=\"about-2\" style=\"background-color: rgb(245, 250, 253);\"><div  class=\"gridContainer\"> <div  class=\"row middle-sm text-center\"><div  class=\"col-sm-5 space-bottom-xs content-left-sm\" data-type=\"column\"> <h2  class=\"\">Homme de r\u00e9seau et d\u2019influence<\/h2> <p  class=\"\">Il est \u00e0 la t\u00eate d\u2019une entreprise prosp\u00e8re Promo Consulting qui a d\u00e9velopp\u00e9, ces derni\u00e8res ann\u00e9es, un p\u00f4le m\u00e9dias REWMI NETWORK. il est aussi le Pr\u00e9sident du Mouvement des entreprises du S\u00e9n\u00e9gal \u2013 MEDS, qui a r\u00e9ussi \u00e0 se doter d\u2019un fonds de garantie FOGACIM. Plusieurs autres casquettes: <br >* Pr\u00e9sident de l\u2019Initiative Africaine des Technologies Avanc\u00e9es \u2013 IATA \u2013 \u00ab L\u2019Afrique dans le num\u00e9rique \u00bb, <br >* Pr\u00e9sident de la Commission \u00c9conomie, Finances, Conjoncture et Commerce au Conseil \u00e9conomique et social \u2013 CESE, <br >* Pr\u00e9sident du Conseil d\u2019administration de plusieurs soci\u00e9t\u00e9s,\n<br >* Vice \u2013 Pr\u00e9sident Groupement Patronal Francophone \u2013 GPF\n<br >* Pr\u00e9sident de la commission Orientation Economique &amp; Financi\u00e8re du Comit\u00e9 du Dialogue National<br >* Membre du Conseil Pr\u00e9sidentiel de l\u2019Investissement.<br >* Membre du Comit\u00e9 de suivi de la Mise en \u0153uvre des Op\u00e9rations du FORCE COVID 19 <br >* Administrateur des soci\u00e9t\u00e9s: INTERFACE, VIP EVENTS, SCI PROMO IMMO, PROMO INVEST,<\/p> <\/div> <div  class=\"col-sm-7 flexbox center-xs middle-xs image-group-2-img\"> <a data-cp-link=\"1\" href=\"#\" class=\"img-1-anchor\" target=\"_self\" rel=\"noopener\"><img decoding=\"async\"  class=\"img-1 shadow-large\" data-size=\"250x200\" src=\"https:\/\/mbagnickdiop.com\/wp-content\/uploads\/2021\/02\/cropped-cropped-cropped-logo-meds-long.png\" title=\"cropped-00.jpg\" alt=\"\" data-pagespeed-url-hash=\"2083685149\" onload=\"pagespeed.CriticalImages.checkImageForCriticality(this);\"><\/a> <img decoding=\"async\"  class=\"img-2 shadow-large\" data-size=\"220x170\" src=\"https:\/\/mbagnickdiop.com\/wp-content\/uploads\/2021\/02\/cropped-cropped-cropped-MM8-removebg-preview-1.png\" title=\"cropped-cropped-cropped-MM8-removebg-preview-1.png\" alt=\"\" data-pagespeed-url-hash=\"2894219996\" onload=\"pagespeed.CriticalImages.checkImageForCriticality(this);\"><\/div> <\/div><\/div> <\/div><div  data-label=\"About\" data-id=\"about--3\" data-export-id=\"about-images-right-section\" data-category=\"about\" class=\"about-images-right-section content-section content-section-spacing\" id=\"about-4\" style=\"background-color: rgb(255, 255, 255);\"><div  class=\"gridContainer\"> <div  class=\"row middle-sm text-center\"><div  class=\"col-sm-5 content-left-sm\" data-type=\"column\"> <h2  class=\"\">DISTINCTIONS<\/h2> <p  class=\"\">* Chevalier de l\u2019Ordre National du Lion en 2003 par Son Excellence le Pr\u00e9sident Abdoulaye WADE<br >* Citoyen d\u2019Honneur de la Ville de New York en 2005<br >*&nbsp; Citoyen d\u2019Honneur de la ville de Montr\u00e9al en 2008<br >* Parrains de plusieurs promotions universitaires et acad\u00e9miques au S\u00e9n\u00e9gal et \u00e0 l\u2019International<br >* Homme de l\u2019Ann\u00e9e et Personnalit\u00e9 la Plus Influente d\u00e9cern\u00e9e par le secteur Priv\u00e9 en 2014<br >* Homme de l\u2019ann\u00e9e 2017 au S\u00e9n\u00e9gal<br >* Prix Mandela du Meilleur Entrepreneur Africain 2017 d\u00e9cern\u00e9 par l\u2019Institut Mandela \u00e0 Paris en 2017<br >* Homme de l\u2019ann\u00e9e 2019 au S\u00e9n\u00e9gal<br >* Grand Chevalier de l\u2019ordre National du Lion en Novembre 2020 Son Excellence le Pr\u00e9sident Macky SALL<\/p> <\/div> <div  class=\"col-sm-7 space-bottom-xs\"><div  class=\"image-group-side-3-img\"> <img decoding=\"async\"  class=\"topimg shadow-large\" src=\"https:\/\/mbagnickdiop.com\/wp-content\/uploads\/2021\/02\/cropped-cropped-cropped-cropped-cropped-logo_Presi-removebg-preview.png\" title=\"cropped-cropped-cropped-cropped-cropped-logo_Presi-removebg-preview.png\" alt=\"\" data-pagespeed-url-hash=\"544331195\" onload=\"pagespeed.CriticalImages.checkImageForCriticality(this);\"> <a data-cp-link=\"1\" href=\"#\" class=\"right-img-anchor\" target=\"_self\" rel=\"noopener\"><img decoding=\"async\"  class=\"rightimg shadow-large\" src=\"https:\/\/mbagnickdiop.com\/wp-content\/uploads\/2021\/02\/cropped-MBA-1-660x330-2.jpg\" title=\"cropped-malaw1.png\" alt=\"\" data-pagespeed-url-hash=\"1704880190\" onload=\"pagespeed.CriticalImages.checkImageForCriticality(this);\"><\/a> <div  class=\"leftimg\"> <img decoding=\"async\"  class=\"shadow-large\" src=\"https:\/\/mbagnickdiop.com\/wp-content\/uploads\/2021\/02\/xxxxxxxxxxcropped-cropped-mandela-bis.jpg,,,,,,,,,,,,,,,,,,,,,,,,,,,,,,,,,,,,,,,,,,,,,,,,,,,,,,,,,,,,,,,,,,,,,,,,,,,,,,,,,,,,,,,,,,,,,,,,,,,,,,,,,,,,,,,,,,,,,,,,,,,,,,,,,,,,,,,,,,,,,,,,,,,,,,,,,,,,,,,,,,,,,,,,,,,,,,,,,,,,,,,,,,,,,,,,,,,,,,,,,,,,,,,,,,,,,,,,,,,,,,,,,,,,,,,,,,,,,,,,,,,,,,,,,,,,,,,,Mic.FIe79taAT8.webp,,,,,,,,,,,,,,,,,,,,,,,,,,,,,,,,,,,,,,,,,,,,,,,,,,,,,,,,,,,,,,,,,,,,,,,,,,,,,,,,,,,,,,,,,,,,,,,,,,,,,,,,,,,,,,,,,,,,,,,,,,,,,,,,Mic.ifb4iaWt2g.webp,,,,,,,,,,,,,,,,,,,,,,,,,,,,,,,,,,,,,,,,,,,,,,,,,,,,,,,,,,,,,,,,Mic.J-xhEYm4LL.webp,,,,,,,,,,,,,,,,,,,,,,,,,,,,,,,,Mic.OXYoUjBocy.webp,,,,,,,,,,,,,,,,Mic.-x75M03utO.webp,,,,,,,,Mic.mB0GudvGZ1.webp,,,,Mic.bemzCGLYNS.webp,,Mic.rvzNyJ_cha.webp,Mic.A6V1h3rFkN.webp.pagespeed.ic.uqeMC-gRn7.webp\" title=\"cropped-cropped-mandela-bis.jpg\" alt=\"\" data-pagespeed-url-hash=\"2043620751\" onload=\"pagespeed.CriticalImages.checkImageForCriticality(this);\"><\/div> <\/div><\/div> <\/div><\/div> <\/div><div  id=\"content-13\" style=\"background-color: rgb(245, 250, 253); background-image: none;\" data-label=\"Content\" data-id=\"content-2\" data-export-id=\"content-2\" data-category=\"content\" class=\"content-2 content-section content-section-spacing\">\n<div  class=\"\">\n<div  class=\"row middle-xs\">\n<div  class=\"col-sm-5 bg-image shadow-large-black\" data-bg=\"image\" style=\"background-image: url(&quot;https:\/\/mbagnickdiop.com\/wp-content\/uploads\/2021\/02\/cropped-cropped-PHOTOS-CADRE-PRESI-1.png&quot;);\"><\/div>\n<div  class=\"col-sm-7 full-col-left-padding full-col-right-padding\">\n<div  class=\"row\">\n<div  data-type=\"column\" class=\"space-bottom-small content-title-col\">\n<h2  class=\"\">REALISATIONS<\/h2>\n<p  class=\"\">Sous son impulsion, l\u2019organisation patronale s\u2019est dot\u00e9e de plusieurs concepts qui ont fini de conqu\u00e9rir le monde.<\/p>\n<\/div>\n<\/div>\n<div  class=\"row spaced-cols \" data-type=\"row\">\n<div  class=\"col-xs-6\" data-type=\"column\">\n<h5  class=\"end\">CAURIS D\u2019OR&nbsp;<\/h5>\n<p  class=\"\">La cons\u00e9cration des grands dirigeants nationaux et du continent. Elle est aujourd\u2019hui la r\u00e9f\u00e9rence pour la reconnaissance de l\u2019excellence.<\/p>\n<\/div>\n<div  class=\"col-xs-6\" data-type=\"column\">\n<h5  class=\"end\">FORUM DU 1er EMPLOI<\/h5>\n<p  class=\"\">Salon de r\u00e9f\u00e9rence pour les jeunes comp\u00e9tences \u00e0 la qu\u00eate d\u2019emplois, un service unique qui permet \u00e0 des dirigeants de rencontrer des ressources humaines de qualit\u00e9.<\/p>\n<\/div>\n<div  class=\"col-xs-6\" data-type=\"column\">\n<h5  class=\"end\">DIASPORA DES AFFAIRES<\/h5>\n<p  class=\"\">Elle vise \u00e0 mobiliser et orienter le potentiel d\u2019investissement des immigr\u00e9s vers des secteurs porteurs, \u00e0 forte valeur ajout\u00e9e. Il s\u2019agit pour de cr\u00e9er une v\u00e9ritable \u00e9conomie de l\u2019immigration. <\/p>\n<\/div>\n<div  class=\"col-xs-6\" data-type=\"column\">\n<h5  class=\"end\">AFRITECH&nbsp;<\/h5>\n<p  class=\"\">Le salon des Startups est un cadre unique d\u2019innovation, d\u2019\u00e9changes, de Networking dans un \u00e9cosyst\u00e8me de transformation digitale de nos \u00e9conomies. <\/p>\n<\/div>\n<div  class=\"col-xs-6\" data-type=\"column\">\n<h5  class=\"end\">AFRICAN LEADERSHIP AWARDS<\/h5>\n<p  class=\"\">r\u00e9compense des personnalit\u00e9s, des entrepreneurs et des entreprises qui se sont distingu\u00e9s en Afrique et dans la Diaspora dans les domaines socio-\u00e9conomiques et politiques.<\/p>\n<\/div><div  class=\"col-xs-6\" data-type=\"column\">\n<h5  class=\"end\">BUSINESS BREAKFAST <\/h5>\n<p  class=\"\">petits d\u00e9jeuners d\u2019affaire o\u00f9 sont invit\u00e9s plusieurs chef d\u2019entreprises, les responsables des pouvoirs publics pour discuter et \u00e9changer sur des question d\u2019int\u00e9r\u00eat commun.&nbsp;<\/p>\n<\/div><\/div>\n<\/div>\n<\/div>\n<\/div>\n<\/div><div  id=\"latest-news-1\" style=\"background-color: rgb(255, 255, 255); background-image: none;\" data-label=\"Latest-news\" data-id=\"blog-section\" data-export-id=\"blog-section\" data-category=\"latest_news\" class=\"blog-section content-section content-section-spacing\">\n<div  class=\"gridContainer\">\n<div  class=\"row\">\n<div  data-type=\"column\" class=\"section-title-col\">\n<h2  class=\"\">ACTUALITES<\/h2>\n<\/div>\n<\/div>\n<div  class=\"row\">\n<div  data-type=\"row\" data-dynamic-columns=\"handled\" data-content-shortcode=\"mesmerize_latest_news\">\t\t<div class=\"row center-sm content-left-sm\">\n\t\t\t\t\t<div id=\"post-1012\" class=\"col-sm-6 col-md-4 space-bottom space-bottom-xs\">\n\t\t\t\t<div class=\"post-content card y-move bordered\">\n\t\t\t\t\t<div class=\"post-thumbnail\">\n   <a href=\"https:\/\/mbagnickdiop.com\/?p=1012\" class=\"post-list-item-thumb \">\n      <img loading=\"lazy\" decoding=\"async\" width=\"1024\" height=\"592\" src=\"https:\/\/mbagnickdiop.com\/wp-content\/uploads\/2023\/12\/WhatsApp-Image-2023-12-22-at-10.32.33-e1703241241371-1024x592.jpeg\" class=\"attachment-post-thumbnail size-post-thumbnail wp-post-image\" alt=\"\" srcset=\"https:\/\/mbagnickdiop.com\/wp-content\/uploads\/2023\/12\/WhatsApp-Image-2023-12-22-at-10.32.33-e1703241241371-1024x592.jpeg 1024w, https:\/\/mbagnickdiop.com\/wp-content\/uploads\/2023\/12\/WhatsApp-Image-2023-12-22-at-10.32.33-e1703241241371-300x173.jpeg 300w, https:\/\/mbagnickdiop.com\/wp-content\/uploads\/2023\/12\/WhatsApp-Image-2023-12-22-at-10.32.33-e1703241241371-768x444.jpeg 768w, https:\/\/mbagnickdiop.com\/wp-content\/uploads\/2023\/12\/WhatsApp-Image-2023-12-22-at-10.32.33-e1703241241371-201x116.jpeg 201w, https:\/\/mbagnickdiop.com\/wp-content\/uploads\/2023\/12\/WhatsApp-Image-2023-12-22-at-10.32.33-e1703241241371.jpeg 1080w\" sizes=\"auto, (max-width: 1024px) 100vw, 1024px\" \/>   <\/a>\n<\/div>\n\t\t\t\t\t<div class=\"col-padding col-padding-xs\">\n\t\t\t\t\t\t<h3 class=\"post-title space-bottom-small\">\n\t\t\t\t\t\t\t<a href=\"https:\/\/mbagnickdiop.com\/?p=1012\" rel=\"bookmark\">\n\t\t\t\t\t\t\t\tM. Mbagnick DIOP &#8211; Pr\u00e9sident du MEDS: L\u2019interview cash !\t\t\t\t\t\t\t<\/a>\n\t\t\t\t\t\t<\/h3>\n\t\t\t\t\t\t<p>En attendant les recettes d\u2019une industrialisation pour laquelle le Mouvement des entreprises du S\u00e9n\u00e9gal (MEDS) promet d\u2019engager ses ressources et ses \u00e9nergies, son Pr\u00e9sident, a boucl\u00e9 une ann\u00e9e bien remplie[&hellip;]<\/p>\n\t\t\t\t\t\t<a class=\"read-more link\" href=\"https:\/\/mbagnickdiop.com\/?p=1012\">\n\t\t\t\t\t\t\tRead more\t\t\t\t\t\t<\/a>\n\t\t\t\t\t<\/div>\n\t\t\t\t<\/div>\n\t\t\t<\/div>\n\t\t\t\t\t\t<div id=\"post-993\" class=\"col-sm-6 col-md-4 space-bottom space-bottom-xs\">\n\t\t\t\t<div class=\"post-content card y-move bordered\">\n\t\t\t\t\t<div class=\"post-thumbnail\">\n   <a href=\"https:\/\/mbagnickdiop.com\/?p=993\" class=\"post-list-item-thumb \">\n      <img loading=\"lazy\" decoding=\"async\" width=\"1024\" height=\"768\" src=\"https:\/\/mbagnickdiop.com\/wp-content\/uploads\/2023\/06\/INV7.jpg\" class=\"attachment-post-thumbnail size-post-thumbnail wp-post-image\" alt=\"\" srcset=\"https:\/\/mbagnickdiop.com\/wp-content\/uploads\/2023\/06\/INV7.jpg 1024w, https:\/\/mbagnickdiop.com\/wp-content\/uploads\/2023\/06\/INV7-300x225.jpg 300w, https:\/\/mbagnickdiop.com\/wp-content\/uploads\/2023\/06\/INV7-768x576.jpg 768w, https:\/\/mbagnickdiop.com\/wp-content\/uploads\/2023\/06\/INV7-155x116.jpg 155w\" sizes=\"auto, (max-width: 1024px) 100vw, 1024px\" \/>   <\/a>\n<\/div>\n\t\t\t\t\t<div class=\"col-padding col-padding-xs\">\n\t\t\t\t\t\t<h3 class=\"post-title space-bottom-small\">\n\t\t\t\t\t\t\t<a href=\"https:\/\/mbagnickdiop.com\/?p=993\" rel=\"bookmark\">\n\t\t\t\t\t\t\t\tVisite du pr\u00e9sident du MEDS Mbagnick Diop \u00e0 l\u2019 APS &#8211; Interview\/Images\t\t\t\t\t\t\t<\/a>\n\t\t\t\t\t\t<\/h3>\n\t\t\t\t\t\t<p>Le MEDS veut l\u2019institutionnalisation d\u2019une \u00ab&nbsp;rencontre p\u00e9riodique&nbsp;\u00bb entre le chef de l\u2019Etat et le patronat Dakar, 26 mai (APS) \u2013 Le pr\u00e9sident du Mouvement des entreprises du S\u00e9n\u00e9gal (MEDS), Mbagnick[&hellip;]<\/p>\n\t\t\t\t\t\t<a class=\"read-more link\" href=\"https:\/\/mbagnickdiop.com\/?p=993\">\n\t\t\t\t\t\t\tRead more\t\t\t\t\t\t<\/a>\n\t\t\t\t\t<\/div>\n\t\t\t\t<\/div>\n\t\t\t<\/div>\n\t\t\t\t\t\t<div id=\"post-962\" class=\"col-sm-6 col-md-4 space-bottom space-bottom-xs\">\n\t\t\t\t<div class=\"post-content card y-move bordered\">\n\t\t\t\t\t<div class=\"post-thumbnail\">\n   <a href=\"https:\/\/mbagnickdiop.com\/?p=962\" class=\"post-list-item-thumb \">\n      <img loading=\"lazy\" decoding=\"async\" width=\"960\" height=\"640\" src=\"https:\/\/mbagnickdiop.com\/wp-content\/uploads\/2023\/03\/ciel-oil-27.jpg\" class=\"attachment-post-thumbnail size-post-thumbnail wp-post-image\" alt=\"\" srcset=\"https:\/\/mbagnickdiop.com\/wp-content\/uploads\/2023\/03\/ciel-oil-27.jpg 960w, https:\/\/mbagnickdiop.com\/wp-content\/uploads\/2023\/03\/ciel-oil-27-300x200.jpg 300w, https:\/\/mbagnickdiop.com\/wp-content\/uploads\/2023\/03\/ciel-oil-27-768x512.jpg 768w, https:\/\/mbagnickdiop.com\/wp-content\/uploads\/2023\/03\/ciel-oil-27-174x116.jpg 174w\" sizes=\"auto, (max-width: 960px) 100vw, 960px\" \/>   <\/a>\n<\/div>\n\t\t\t\t\t<div class=\"col-padding col-padding-xs\">\n\t\t\t\t\t\t<h3 class=\"post-title space-bottom-small\">\n\t\t\t\t\t\t\t<a href=\"https:\/\/mbagnickdiop.com\/?p=962\" rel=\"bookmark\">\n\t\t\t\t\t\t\t\tC\u00c9R\u00c9MONIE INAUGURATION SI\u00c8GE CIEL OIL &#8211;\t\t\t\t\t\t\t<\/a>\n\t\t\t\t\t\t<\/h3>\n\t\t\t\t\t\t<p>Discours du Parrain M. Mbagnick DIOP Pr\u00e9sident du Mouvement des Entreprises du S\u00e9n\u00e9gal \u2013 MEDS Dakar, le 04 Mars 2023 &#8212; Mesdames, Messieurs en vos rangs et qualit\u00e9s, Monsieur le[&hellip;]<\/p>\n\t\t\t\t\t\t<a class=\"read-more link\" href=\"https:\/\/mbagnickdiop.com\/?p=962\">\n\t\t\t\t\t\t\tRead more\t\t\t\t\t\t<\/a>\n\t\t\t\t\t<\/div>\n\t\t\t\t<\/div>\n\t\t\t<\/div>\n\t\t\t\t<\/div>\n\t<\/div>\n<\/div>\n<div  class=\"row\">\n<div  class=\"text-center\"><a class=\"button color1\" data-attr-shortcode=\"href:mesmerize_blog_link\" href=\"https:\/\/mbagnickdiop.com\/?page_id=66\" target=\"_self\" rel=\"noopener\">Lire Plus<\/a><\/div>\n<\/div>\n<\/div>\n<\/div>","protected":false},"excerpt":{"rendered":"<p>Homme de consensus, r\u00e9solument tourn\u00e9 vers l\u2019avenir,&nbsp;il incarne cette nouvelle g\u00e9n\u00e9ration d\u2019entrepreneurs africains qui entendent faire du d\u00e9veloppement du continent et de ses territoires, un engagement de chaque instant au profit du plus grand nombre.Son Cr\u00e9do: \u00ab Seul le travail paie et il faut savoir donner du temps au temps \u00bb Le&nbsp;F\u00e9ru de Communication Il&hellip; <br \/> <a class=\"read-more\" href=\"https:\/\/mbagnickdiop.com\/?p=962\">Lire la suite<\/a><\/p>\n","protected":false},"author":1,"featured_media":0,"parent":0,"menu_order":0,"comment_status":"closed","ping_status":"closed","template":"page-templates\/homepage.php","meta":{"footnotes":""},"class_list":["post-65","page","type-page","status-publish","hentry"],"_links":{"self":[{"href":"https:\/\/mbagnickdiop.com\/index.php?rest_route=\/wp\/v2\/pages\/65","targetHints":{"allow":["GET"]}}],"collection":[{"href":"https:\/\/mbagnickdiop.com\/index.php?rest_route=\/wp\/v2\/pages"}],"about":[{"href":"https:\/\/mbagnickdiop.com\/index.php?rest_route=\/wp\/v2\/types\/page"}],"author":[{"embeddable":true,"href":"https:\/\/mbagnickdiop.com\/index.php?rest_route=\/wp\/v2\/users\/1"}],"replies":[{"embeddable":true,"href":"https:\/\/mbagnickdiop.com\/index.php?rest_route=%2Fwp%2Fv2%2Fcomments&post=65"}],"version-history":[{"count":31,"href":"https:\/\/mbagnickdiop.com\/index.php?rest_route=\/wp\/v2\/pages\/65\/revisions"}],"predecessor-version":[{"id":1009,"href":"https:\/\/mbagnickdiop.com\/index.php?rest_route=\/wp\/v2\/pages\/65\/revisions\/1009"}],"wp:attachment":[{"href":"https:\/\/mbagnickdiop.com\/index.php?rest_route=%2Fwp%2Fv2%2Fmedia&parent=65"}],"curies":[{"name":"wp","href":"https:\/\/api.w.org\/{rel}","templated":true}]}}